{"id":16,"date":"2026-09-05T20:07:04","date_gmt":"2026-09-05T20:07:04","guid":{"rendered":"https:\/\/www.marinelormee.com\/?page_id=16"},"modified":"2026-09-06T02:59:21","modified_gmt":"2026-09-06T02:59:21","slug":"biographie","status":"publish","type":"page","link":"https:\/\/www.marinelormee.com\/index.php\/biographie\/","title":{"rendered":"D\u00e9marche"},"content":{"rendered":"\n<figure class=\"wp-block-image size-full\"><img loading=\"lazy\" decoding=\"async\" width=\"400\" height=\"491\" src=\"http:\/\/www.marinelormee.com\/wp-content\/uploads\/2026\/09\/photo-profil_Facebook-bis-1.jpg\" alt=\"\" class=\"wp-image-89\" srcset=\"https:\/\/www.marinelormee.com\/wp-content\/uploads\/2026\/09\/photo-profil_Facebook-bis-1.jpg 400w, https:\/\/www.marinelormee.com\/wp-content\/uploads\/2026\/09\/photo-profil_Facebook-bis-1-244x300.jpg 244w\" sizes=\"auto, (max-width: 400px) 100vw, 400px\" \/><\/figure>\n\n\n\n<div class=\"wp-block-cover alignfull is-light has-contrast-color has-text-color has-link-color wp-elements-1\" style=\"margin-top:0;margin-bottom:0;padding-top:var(--wp--preset--spacing--60);padding-right:var(--wp--preset--spacing--50);padding-bottom:var(--wp--preset--spacing--60);padding-left:var(--wp--preset--spacing--50)\"><span aria-hidden=\"true\" class=\"wp-block-cover__background has-base-background-color has-background-dim-100 has-background-dim\"><\/span><div class=\"wp-block-cover__inner-container has-global-padding is-layout-constrained wp-container-core-cover-is-layout-49249989 wp-block-cover-is-layout-constrained\">\n<div class=\"wp-block-columns alignwide is-layout-flex wp-container-core-columns-is-layout-3ad33f1c wp-block-columns-is-layout-flex\">\n<div class=\"wp-block-column is-layout-flow wp-block-column-is-layout-flow\" style=\"flex-basis:65%\">\n<div class=\"wp-block-group is-vertical is-content-justification-stretch is-layout-flex wp-container-core-group-is-layout-d8dce8eb wp-block-group-is-layout-flex\">\n<h2 class=\"wp-block-heading has-text-align-left\" style=\"font-size:clamp(8.042rem, 8.042rem + ((1vw - 0.2rem) * 23.263), 22rem);font-style:normal;font-weight:300;letter-spacing:-0.03em;line-height:1.4\"><\/h2>\n\n\n\n<p class=\"is-style-text-subtitle wp-block-paragraph\">Je m\u2019appelle ,Marine Lorm\u00e9e.<\/p>\n\n\n\n<p class=\"wp-block-paragraph\">L\u2019argile m\u2019a toujours accompagn\u00e9e. Une rencontre dans l\u2019enfance qui m\u2019a permis d\u2019explorer les techniques de l\u2019 art de la c\u00e9ramique.<\/p>\n\n\n\n<p class=\"wp-block-paragraph\">Mati\u00e8re 1ere, terre, indissociable de l\u2019eau, l\u2019air, le feu et la 3D.<\/p>\n\n\n\n<p class=\"wp-block-paragraph\">L\u2019interaction des \u00e9l\u00e9ments nous plonge dans l\u2019observation, la patience, l\u2019exp\u00e9rimentation,le respect de notre environnement.<\/p>\n\n\n\n<p class=\"wp-block-paragraph\">Si on brusque la Terre, elle explose&nbsp;!<\/p>\n\n\n\n<p class=\"wp-block-paragraph\">L\u2019air qui nous entoure interagit avec l\u2019argile.<\/p>\n\n\n\n<p class=\"wp-block-paragraph\">Dialogue avec L\u2019air.<\/p>\n\n\n\n<p class=\"wp-block-paragraph\">C\u2019est une \u00e9cole de la vie.<\/p>\n\n\n\n<p class=\"wp-block-paragraph\">Tout ce que m\u2019appris l\u2019argile pour pouvoir lui donner forme, je veux le d\u00e9fendre&nbsp;: Le respect de l\u2019environnement, des autres, de nous.<\/p>\n\n\n\n<p class=\"wp-block-paragraph\">A travers un univers figuratif, narratif, po\u00e9tique et symbolique, mes recherches th\u00e9matiques sont li\u00e9es \u00e0 l\u2019homme dans son environnement et social.<\/p>\n\n\n\n<p class=\"wp-block-paragraph\">Dialectique homme\/nature.<\/p>\n\n\n\n<p class=\"wp-block-paragraph\">La terre est mall\u00e9able gr\u00e2ce \u00e0 l\u2019eau.<\/p>\n\n\n\n<p class=\"wp-block-paragraph\">Dialogue avec l\u2019eau.<\/p>\n\n\n\n<p class=\"wp-block-paragraph\">L\u2019argile par ses propri\u00e9t\u00e9s physiques a un champs infinis de techniques qui ouvre \u00e0 une cr\u00e9ation sans limites en 3D.<\/p>\n\n\n\n<p class=\"wp-block-paragraph\">Dialectique avec l\u2019espace.<\/p>\n\n\n\n<p class=\"wp-block-paragraph\">C\u2019est une envie d\u2019ouvrir un sujet qui me lance dans un travail d\u2019investigation afin de le repr\u00e9senter plastiquement.<\/p>\n\n\n\n<p class=\"wp-block-paragraph\">Ce sont les besoins de la repr\u00e9sentation qui me dirige dans le choix des techniques.<\/p>\n\n\n\n<p class=\"wp-block-paragraph\">Une vrai exp\u00e9rimentation avec la mati\u00e8re riche en rendus et couleurs.<\/p>\n\n\n\n<p class=\"wp-block-paragraph\">Dialogue avec la terre.<\/p>\n\n\n\n<p class=\"wp-block-paragraph\">C\u2019est un art qui invite la physique et la chimie.<\/p>\n\n\n\n<p class=\"wp-block-paragraph\">Le c\u00e9ramiste transforme l\u2019argile par le feu.<\/p>\n\n\n\n<p class=\"wp-block-paragraph\">Dialogue avec le feu.<\/p>\n\n\n\n<p class=\"wp-block-paragraph\">Une repr\u00e9sentation paisible afin de s\u2019ouvrir au dialogue, \u00e0 la r\u00e9flexion, \u00e0 la remise en question quant \u00e0 des sujets actuels qui demande une grande r\u00e9silience.<\/p>\n\n\n\n<p class=\"wp-block-paragraph\">En synergie avec l\u2019argile, je lui donne forme pour exprimer ces questions sociales et environnementales.<\/p>\n\n\n\n<p class=\"wp-block-paragraph\">La cr\u00e9ation est une investigation de sujets et de techniques.<\/p>\n\n\n\n<p class=\"wp-block-paragraph\">Par un jeu d\u2019mages, interagir avec chacun.<\/p>\n\n\n\n<p class=\"wp-block-paragraph\">Parler de notre place sur terre part l\u2019argile.<\/p>\n\n\n\n<p class=\"wp-block-paragraph\"><\/p>\n\n\n\n<p class=\"wp-block-paragraph\"><\/p>\n\n\n\n<p class=\"wp-block-paragraph\"><\/p>\n\n\n\n<p class=\"wp-block-paragraph\"><\/p>\n<\/div>\n<\/div>\n\n\n\n<div class=\"wp-block-column is-layout-flow wp-block-column-is-layout-flow\" style=\"flex-basis:35%\">\n<div class=\"wp-block-group is-vertical is-content-justification-stretch is-nowrap is-layout-flex wp-container-core-group-is-layout-0f0b95e2 wp-block-group-is-layout-flex\">\n<figure class=\"wp-block-image size-full\"><img loading=\"lazy\" decoding=\"async\" width=\"1077\" height=\"1437\" src=\"https:\/\/www.marinelormee.com\/wp-content\/uploads\/2026\/09\/scuplture-valise-pique-nique-1.jpg\" alt=\"\" class=\"wp-image-23\" style=\"aspect-ratio:3\/4;object-fit:cover\" srcset=\"https:\/\/www.marinelormee.com\/wp-content\/uploads\/2026\/09\/scuplture-valise-pique-nique-1.jpg 1077w, https:\/\/www.marinelormee.com\/wp-content\/uploads\/2026\/09\/scuplture-valise-pique-nique-1-225x300.jpg 225w, https:\/\/www.marinelormee.com\/wp-content\/uploads\/2026\/09\/scuplture-valise-pique-nique-1-767x1024-1.jpg 767w\" sizes=\"auto, (max-width: 1077px) 100vw, 1077px\" \/><\/figure>\n\n\n\n<p class=\"has-text-align-right has-x-large-font-size wp-block-paragraph\" style=\"line-height:1.2\"><a href=\"#\">Instagram<\/a><br><br><a href=\"#\">Maintenant<\/a><\/p>\n<\/div>\n<\/div>\n<\/div>\n<\/div><\/div>\n","protected":false},"excerpt":{"rendered":"","protected":false},"author":1,"featured_media":0,"parent":0,"menu_order":0,"comment_status":"closed","ping_status":"closed","template":"","meta":{"footnotes":""},"class_list":["post-16","page","type-page","status-publish","hentry"],"_links":{"self":[{"href":"https:\/\/www.marinelormee.com\/index.php\/wp-json\/wp\/v2\/pages\/16","targetHints":{"allow":["GET"]}}],"collection":[{"href":"https:\/\/www.marinelormee.com\/index.php\/wp-json\/wp\/v2\/pages"}],"about":[{"href":"https:\/\/www.marinelormee.com\/index.php\/wp-json\/wp\/v2\/types\/page"}],"author":[{"embeddable":true,"href":"https:\/\/www.marinelormee.com\/index.php\/wp-json\/wp\/v2\/users\/1"}],"replies":[{"embeddable":true,"href":"https:\/\/www.marinelormee.com\/index.php\/wp-json\/wp\/v2\/comments?post=16"}],"version-history":[{"count":9,"href":"https:\/\/www.marinelormee.com\/index.php\/wp-json\/wp\/v2\/pages\/16\/revisions"}],"predecessor-version":[{"id":108,"href":"https:\/\/www.marinelormee.com\/index.php\/wp-json\/wp\/v2\/pages\/16\/revisions\/108"}],"wp:attachment":[{"href":"https:\/\/www.marinelormee.com\/index.php\/wp-json\/wp\/v2\/media?parent=16"}],"curies":[{"name":"wp","href":"https:\/\/api.w.org\/{rel}","templated":true}]}}